{"id":31,"date":"2022-07-11T12:00:16","date_gmt":"2022-07-11T12:00:16","guid":{"rendered":"http:\/\/www.utn.edu.ec\/fecyt\/carreras\/educacionbasica\/?page_id=31"},"modified":"2026-06-04T18:57:17","modified_gmt":"2026-06-04T18:57:17","slug":"nuestra-carrera","status":"publish","type":"page","link":"https:\/\/educacionbasica.utn.edu.ec\/index.php\/nuestra-carrera\/","title":{"rendered":"Nuestra carrera"},"content":{"rendered":"<h4 style=\"text-align: center;\"><span style=\"color: #808080;\">\u00a0 \u00a0 \u00a0 \u00a0 \u00a0 \u00a0 \u00a0 \u00a0 \u00a0 \u00a0 \u00a0 \u00a0 \u00a0 \u00a0 \u00a0 \u00a0 \u00a0 \u00a0 \u00a0 \u00a0 \u00a0 \u00a0 \u00a0 \u00a0 \u00a0 \u00a0 \u00a0 \u00a0 \u00a0 \u00a0 \u00a0 \u00a0 \u00a0BIENVENIDA DEL COORDINADOR<\/span><\/h4>\n<figure id=\"attachment_246\" aria-describedby=\"caption-attachment-246\" style=\"width: 184px\" class=\"wp-caption alignleft\"><img loading=\"lazy\" decoding=\"async\" class=\" wp-image-246\" src=\"https:\/\/educacionbasica.utn.edu.ec\/wp-content\/uploads\/2022\/04\/Foto-Coordinador-224x300.jpg\" alt=\"\" width=\"184\" height=\"246\" srcset=\"https:\/\/educacionbasica.utn.edu.ec\/wp-content\/uploads\/2022\/04\/Foto-Coordinador-224x300.jpg 224w, https:\/\/educacionbasica.utn.edu.ec\/wp-content\/uploads\/2022\/04\/Foto-Coordinador-201x270.jpg 201w, https:\/\/educacionbasica.utn.edu.ec\/wp-content\/uploads\/2022\/04\/Foto-Coordinador.jpg 278w\" sizes=\"auto, (max-width: 184px) 100vw, 184px\" \/><figcaption id=\"caption-attachment-246\" class=\"wp-caption-text\">MSc. Milton Marino Mora Grijalva<br \/><strong><em>Coordinador de la carrera<\/em><\/strong><\/figcaption><\/figure>\n<p style=\"text-align: justify;\">Es grato exteriorizar la cordial bienvenida a la nueva carrera de Educaci\u00f3n B\u00e1sica que a trav\u00e9s de un proyecto innovador durante ocho niveles de formaci\u00f3n, busca brindar a la sociedad un profesional de excelencia que entre tantas cualidades se destacan: participativo, colaborativo, solidario, creativo, investigativo, emprendedor e innovador, que en el desempe\u00f1o profesional docente responda a los actores, contextos y ambientes de aprendizaje educativos y de la vida cotidiana, ampliando los horizontes a trav\u00e9s de los cuales asume una mirada transformadora de la sociedad, sustentado en el humanismo, la integraci\u00f3n del conocimiento, los saberes cient\u00edficos y tecnol\u00f3gicos. Desde su liderazgo y capacidad de trabajo en equipo fundamenta su accionar en el sustento de enfoques contempor\u00e1neos de la pedagog\u00eda y la did\u00e1ctica que le posibilita tener capacidad para dar respuesta desde la profesi\u00f3n a las tensiones y problemas del contexto que contienen los planes y pol\u00edticas educativas locales, regionales, nacionales e internacionales.<\/p>\n","protected":false},"excerpt":{"rendered":"<p>\u00a0 \u00a0 \u00a0 \u00a0 \u00a0 \u00a0 \u00a0 \u00a0 \u00a0 \u00a0 \u00a0 \u00a0 \u00a0 \u00a0 \u00a0 \u00a0 \u00a0 \u00a0 \u00a0 \u00a0 \u00a0 \u00a0 \u00a0 \u00a0 \u00a0 \u00a0 \u00a0 \u00a0 \u00a0 \u00a0 \u00a0 \u00a0 \u00a0BIENVENIDA DEL COORDINADOR Es grato exteriorizar la cordial <a href=\"https:\/\/educacionbasica.utn.edu.ec\/index.php\/nuestra-carrera\/\" class=\"read-more\">Leer m\u00e1s&#8230;<\/a><\/p>\n","protected":false},"author":1,"featured_media":0,"parent":0,"menu_order":0,"comment_status":"closed","ping_status":"closed","template":"","meta":{"footnotes":""},"class_list":["post-31","page","type-page","status-publish","hentry"],"_links":{"self":[{"href":"https:\/\/educacionbasica.utn.edu.ec\/index.php\/wp-json\/wp\/v2\/pages\/31","targetHints":{"allow":["GET"]}}],"collection":[{"href":"https:\/\/educacionbasica.utn.edu.ec\/index.php\/wp-json\/wp\/v2\/pages"}],"about":[{"href":"https:\/\/educacionbasica.utn.edu.ec\/index.php\/wp-json\/wp\/v2\/types\/page"}],"author":[{"embeddable":true,"href":"https:\/\/educacionbasica.utn.edu.ec\/index.php\/wp-json\/wp\/v2\/users\/1"}],"replies":[{"embeddable":true,"href":"https:\/\/educacionbasica.utn.edu.ec\/index.php\/wp-json\/wp\/v2\/comments?post=31"}],"version-history":[{"count":5,"href":"https:\/\/educacionbasica.utn.edu.ec\/index.php\/wp-json\/wp\/v2\/pages\/31\/revisions"}],"predecessor-version":[{"id":137,"href":"https:\/\/educacionbasica.utn.edu.ec\/index.php\/wp-json\/wp\/v2\/pages\/31\/revisions\/137"}],"wp:attachment":[{"href":"https:\/\/educacionbasica.utn.edu.ec\/index.php\/wp-json\/wp\/v2\/media?parent=31"}],"curies":[{"name":"wp","href":"https:\/\/api.w.org\/{rel}","templated":true}]}}