{"id":190,"date":"2022-07-11T12:00:48","date_gmt":"2022-07-11T12:00:48","guid":{"rendered":"https:\/\/www.utn.edu.ec\/fecyt\/carreras\/educacionbasica\/?page_id=190"},"modified":"2022-07-12T17:11:29","modified_gmt":"2022-07-12T17:11:29","slug":"docentes-titulares","status":"publish","type":"page","link":"https:\/\/educacionbasica.utn.edu.ec\/index.php\/docentes-titulares\/","title":{"rendered":"Docentes"},"content":{"rendered":"<h2 style=\"text-align: center;\"><span style=\"color: #ff0000;\">DOCENTES TITULARES<\/span><\/h2>\n<table style=\"height: 159px;\" width=\"843\">\n<tbody>\n<tr>\n<td style=\"text-align: center;\" width=\"202\"><strong>FOTO ACTUALIZADA<\/strong><\/td>\n<td style=\"text-align: center;\" width=\"202\"><strong>APELLIDOS Y NOMBRES<\/strong><\/td>\n<td style=\"text-align: center;\" width=\"202\"><strong>T\u00cdTULO DE TERCER NIVEL<\/strong><\/td>\n<td style=\"text-align: center;\" width=\"202\"><strong>T\u00cdTULO DE CUARTO NIVEL<\/strong><\/td>\n<td style=\"text-align: center;\" width=\"202\"><strong>CATEDRA\/ASIGNATURA<\/strong><\/td>\n<\/tr>\n<tr>\n<td style=\"text-align: left;\" width=\"202\"><\/td>\n<td style=\"text-align: left;\" width=\"202\"><strong>Mora Grijalva Milton Marino<\/strong><\/td>\n<td style=\"text-align: left;\" width=\"202\">\n<p>Licenciatura en Ciencias de la Educaci\u00f3n especialidad Educaci\u00f3n de Adultos.<\/p>\n<p>Licenciatura en Ciencias de la Educaci\u00f3n Menci\u00f3n: Ciencias Naturales<\/td>\n<td width=\"202\">Magister en Pedagog\u00eda.<\/td>\n<td width=\"202\">\n<ul>\n<li style=\"text-align: left;\">Pedagog\u00eda<\/li>\n<li style=\"text-align: left;\">Teor\u00edas del Aprendizaje<\/li>\n<li style=\"text-align: left;\">Innovaci\u00f3n y Propuestas Educativas<\/li>\n<\/ul>\n<\/td>\n<\/tr>\n<tr>\n<td style=\"text-align: left;\" width=\"202\"><\/td>\n<td style=\"text-align: left;\" width=\"202\">\u00a0<strong>Andrade Ubidia R\u00f3mulo Pa\u00fal<\/strong><\/td>\n<td style=\"text-align: left;\" width=\"202\">\u00a0Licenciatura en Lenguaje y Comunicaci\u00f3n.<\/td>\n<td width=\"202\">\u00a0Magister en Educaci\u00f3n y Desarrollo Social.<br \/>\nPhD. en Educaci\u00f3n.<\/td>\n<td width=\"202\">\n<ul>\n<li style=\"text-align: left;\">Filosof\u00eda de la Educaci\u00f3n<\/li>\n<li style=\"text-align: left;\">Fundamentos de Lengua y Literatura<\/li>\n<li style=\"text-align: left;\">Did\u00e1ctica de Lengua y Literatura<\/li>\n<\/ul>\n<\/td>\n<\/tr>\n<tr>\n<td style=\"text-align: left;\" width=\"202\">\n<p>&nbsp;<\/p>\n<p>&nbsp;<\/td>\n<td style=\"text-align: left;\" width=\"202\">\u00a0<strong>Guerra Reyes Frank Edison<\/strong><\/td>\n<td style=\"text-align: left;\" width=\"202\">\u00a0Licenciatura en Qu\u00edmica y Biolog\u00eda.<\/td>\n<td width=\"202\">\u00a0Magister en Proyectos Educativos y Sociales.<br \/>\nPhD. en Educaci\u00f3n.<\/td>\n<td width=\"202\">\n<ul>\n<li style=\"text-align: left;\">Did\u00e1ctica General<\/li>\n<li style=\"text-align: left;\">Fundamentos de Ciencias Naturales<\/li>\n<li style=\"text-align: left;\">Did\u00e1ctica de las Ciencias Naturales<\/li>\n<\/ul>\n<\/td>\n<\/tr>\n<\/tbody>\n<\/table>\n<h2 style=\"text-align: center;\"><span style=\"color: #ff0000;\">DOCENTES OCASIONALES<\/span><\/h2>\n<table style=\"height: 159px;\" width=\"843\">\n<tbody>\n<tr>\n<td style=\"text-align: center;\" width=\"202\"><strong>FOTO ACTUALIZADA<\/strong><\/td>\n<td style=\"text-align: center;\" width=\"202\"><strong>APELLIDOS Y NOMBRES<\/strong><\/td>\n<td style=\"text-align: center;\" width=\"202\"><strong>T\u00cdTULO DE TERCER NIVEL<\/strong><\/td>\n<td style=\"text-align: center;\" width=\"202\"><strong>T\u00cdTULO DE CUARTO NIVEL<\/strong><\/td>\n<td style=\"text-align: center;\" width=\"202\"><strong>CATEDRA\/ASIGNATURA<\/strong><\/td>\n<\/tr>\n<tr>\n<td style=\"text-align: left;\" width=\"202\"><\/td>\n<td style=\"text-align: left;\" width=\"202\"><strong>Gudi\u00f1o Mej\u00eda Carla Bel\u00e9n<\/strong><\/td>\n<td style=\"text-align: left;\" width=\"202\">Licenciatura en Ciencias de la Educaci\u00f3n especialidad Psicolog\u00eda Educativa y O.V.<\/td>\n<td width=\"202\">Magister en Neuropsicolog\u00eda y Educaci\u00f3n<\/td>\n<td width=\"202\">\n<ul>\n<li style=\"text-align: left;\">Educaci\u00f3n Inclusiva<\/li>\n<li style=\"text-align: left;\">Psicolog\u00eda Evolutiva<\/li>\n<\/ul>\n<\/td>\n<\/tr>\n<tr>\n<td style=\"text-align: left;\" width=\"202\"><\/td>\n<td style=\"text-align: left;\" width=\"202\"><strong>L\u00f3pez Guti\u00e9rrez Juan Carlos<\/strong><\/td>\n<td style=\"text-align: left;\" width=\"202\">Licenciatura en Educaci\u00f3n en la especialidad de Filosof\u00eda e Historia<\/td>\n<td width=\"202\">\n<p>Magister en Administraci\u00f3n de Empresas (MBA)<\/p>\n<p>PhD. En Ciencias de la Educaci\u00f3n<\/td>\n<td width=\"202\">\n<ul>\n<li style=\"text-align: left;\">Sociolog\u00eda de la Educaci\u00f3n<\/li>\n<li style=\"text-align: left;\">Fundamentos de las Ciencias Sociales<\/li>\n<li style=\"text-align: left;\">Did\u00e1ctica de la Ciencias Sociales<\/li>\n<\/ul>\n<\/td>\n<\/tr>\n<tr>\n<td style=\"text-align: left;\" width=\"202\"><\/td>\n<td style=\"text-align: left;\" width=\"202\"><strong>Mina Ortega Marcelo Rene<\/strong><\/td>\n<td style=\"text-align: left;\" width=\"202\">\n<p>Licenciatura en Educaci\u00f3n General B\u00e1sica<\/p>\n<p>Licenciatura en Artes Industriales<\/td>\n<td width=\"202\">\n<p>Magister en Educaci\u00f3n y Desarrollo Social.<\/p>\n<p>PhD. en Educaci\u00f3n.<\/td>\n<td width=\"202\">\n<ul>\n<li style=\"text-align: left;\">Proyectos Escolares<\/li>\n<li style=\"text-align: left;\">Legislaci\u00f3n Educativa<\/li>\n<\/ul>\n<\/td>\n<\/tr>\n<tr>\n<td style=\"text-align: left;\" width=\"202\"><\/td>\n<td style=\"text-align: left;\" width=\"202\"><strong>Melo L\u00f3pez Ver\u00f3nica Alexandra<\/strong><\/td>\n<td style=\"text-align: left;\" width=\"202\">Licenciatura en Sistemas Computacionales.<\/td>\n<td width=\"202\">Magister en Tecnolog\u00edas para la Gesti\u00f3n y Pr\u00e1ctica Docente.<\/td>\n<td width=\"202\">\n<ul>\n<li style=\"text-align: left;\">Inform\u00e1tica Aplicada a la Educaci\u00f3n<\/li>\n<\/ul>\n<\/td>\n<\/tr>\n<tr>\n<td style=\"text-align: left;\" width=\"202\"><\/td>\n<td style=\"text-align: left;\" width=\"202\"><strong>Pab\u00f3n Chal\u00e1 Adalberto Iv\u00e1n<\/strong><\/td>\n<td style=\"text-align: left;\" width=\"202\">Licenciado en Ciencias de la Educaci\u00f3n<\/td>\n<td width=\"202\">Magister en Estudios Latinoamericanos, di\u00e1spora Afroandina<\/td>\n<td width=\"202\">\n<ul>\n<li style=\"text-align: left;\">\u00c9tica<\/li>\n<li style=\"text-align: left;\">Dise\u00f1o Curricular<\/li>\n<li style=\"text-align: left;\">Investigaci\u00f3n Cient\u00edfica<\/li>\n<\/ul>\n<\/td>\n<\/tr>\n<tr>\n<td style=\"text-align: left;\" width=\"202\"><\/td>\n<td style=\"text-align: left;\" width=\"202\"><strong>Placencia Enr\u00edquez Silvio Fernando<\/strong><\/td>\n<td style=\"text-align: left;\" width=\"202\">\n<p>Licenciado en Ciencias de la Educaci\u00f3n especialidad F\u00edsico Matem\u00e1tico.<\/p>\n<p><span style=\"font-family: inherit; font-size: inherit;\">Doctor en Ciencias de la Educaci\u00f3n Menci\u00f3n Investigaci\u00f3n Educativa.<\/span><\/td>\n<td width=\"202\">\n<p>Diplomado en Educaci\u00f3n Superior.<\/p>\n<p><span style=\"font-family: inherit; font-size: inherit;\">M\u00e1ster universitario en formaci\u00f3n del profesorado de Educaci\u00f3n Secundaria en Ecuador Especialidad Matem\u00e1tica<\/span><\/td>\n<td width=\"202\">\n<ul>\n<li style=\"text-align: left;\">Fundamentos de Matem\u00e1tica<\/li>\n<li style=\"text-align: left;\">Did\u00e1ctica de Matem\u00e1tica<\/li>\n<\/ul>\n<\/td>\n<\/tr>\n<tr>\n<td style=\"text-align: left;\" width=\"202\"><\/td>\n<td style=\"text-align: left;\" width=\"202\"><strong>V\u00e9lez Meza Edda Marisela<\/strong><\/td>\n<td style=\"text-align: left;\" width=\"202\">\n<p>Tecnolog\u00eda en Desarrollo Integral del Ni\u00f1o<\/p>\n<p>Lic. En Entrenamiento Deportivo<\/p>\n<p>Ing. En Energ\u00edas Renovables<\/td>\n<td width=\"202\">Mag\u00edster en Tecnolog\u00eda e Innovaci\u00f3n Educativa<\/td>\n<td width=\"202\">\n<ul>\n<li style=\"text-align: left;\">Tecnolog\u00edas de la Informaci\u00f3n y Comunicaci\u00f3n<\/li>\n<li style=\"text-align: left;\">Producci\u00f3n de Material Educativo<\/li>\n<\/ul>\n<\/td>\n<\/tr>\n<tr>\n<td style=\"text-align: left;\" width=\"202\"><\/td>\n<td style=\"text-align: left;\" width=\"202\"><strong>Hern\u00e1ndez Mart\u00ednez Edwin Daniel<\/strong><\/td>\n<td style=\"text-align: left;\" width=\"202\">Licenciado en Educaci\u00f3n B\u00e1sica menci\u00f3n Lenguaje y Comunicaci\u00f3n<\/td>\n<td width=\"202\">Mag\u00edster en Gesti\u00f3n de la Calidad en Educaci\u00f3n<\/td>\n<td width=\"202\">\n<ul>\n<li>Realidad Nacional<\/li>\n<\/ul>\n<\/td>\n<\/tr>\n<\/tbody>\n<\/table>\n<p><\/p>\n","protected":false},"excerpt":{"rendered":"<p>DOCENTES TITULARES FOTO ACTUALIZADA APELLIDOS Y NOMBRES T\u00cdTULO DE TERCER NIVEL T\u00cdTULO DE CUARTO NIVEL CATEDRA\/ASIGNATURA Mora Grijalva Milton Marino Licenciatura en Ciencias de la Educaci\u00f3n especialidad Educaci\u00f3n de Adultos. Licenciatura en Ciencias de la Educaci\u00f3n Menci\u00f3n: Ciencias Naturales Magister <a href=\"https:\/\/educacionbasica.utn.edu.ec\/index.php\/docentes-titulares\/\" class=\"read-more\">Leer m\u00e1s&#8230;<\/a><\/p>\n","protected":false},"author":2,"featured_media":0,"parent":0,"menu_order":0,"comment_status":"closed","ping_status":"closed","template":"","meta":{"footnotes":""},"class_list":["post-190","page","type-page","status-publish","hentry"],"_links":{"self":[{"href":"https:\/\/educacionbasica.utn.edu.ec\/index.php\/wp-json\/wp\/v2\/pages\/190","targetHints":{"allow":["GET"]}}],"collection":[{"href":"https:\/\/educacionbasica.utn.edu.ec\/index.php\/wp-json\/wp\/v2\/pages"}],"about":[{"href":"https:\/\/educacionbasica.utn.edu.ec\/index.php\/wp-json\/wp\/v2\/types\/page"}],"author":[{"embeddable":true,"href":"https:\/\/educacionbasica.utn.edu.ec\/index.php\/wp-json\/wp\/v2\/users\/2"}],"replies":[{"embeddable":true,"href":"https:\/\/educacionbasica.utn.edu.ec\/index.php\/wp-json\/wp\/v2\/comments?post=190"}],"version-history":[{"count":23,"href":"https:\/\/educacionbasica.utn.edu.ec\/index.php\/wp-json\/wp\/v2\/pages\/190\/revisions"}],"predecessor-version":[{"id":272,"href":"https:\/\/educacionbasica.utn.edu.ec\/index.php\/wp-json\/wp\/v2\/pages\/190\/revisions\/272"}],"wp:attachment":[{"href":"https:\/\/educacionbasica.utn.edu.ec\/index.php\/wp-json\/wp\/v2\/media?parent=190"}],"curies":[{"name":"wp","href":"https:\/\/api.w.org\/{rel}","templated":true}]}}